{"id":54,"date":"2022-11-26T14:57:08","date_gmt":"2022-11-26T13:57:08","guid":{"rendered":"http:\/\/localhost\/wp01\/?page_id=54"},"modified":"2025-08-25T20:23:20","modified_gmt":"2025-08-25T18:23:20","slug":"les-jeunes","status":"publish","type":"page","link":"https:\/\/www.ramm.be\/cms\/les-jeunes\/","title":{"rendered":"Les jeunes"},"content":{"rendered":"\n<div class=\"wp-block-group has-border-color has-secondary-border-color is-nowrap is-layout-flex wp-container-core-group-is-layout-b5aa8a3f wp-block-group-is-layout-flex\" style=\"border-width:2px;border-radius:6px;padding-top:10px;padding-right:10px;padding-bottom:10px;padding-left:10px\">\n<p class=\"has-text-align-center\"><a href=\"\/cms\/u19\/\">U19<\/a> | <a href=\"\/cms\/u14\/\">U14<\/a> | <a href=\"\/cms\/u12-a\/\">U12 A<\/a> | <a href=\"\/cms\/u12-b\/\">U12 B<\/a> | <a href=\"\/cms\/u12-c\/\">U12 C<\/a> | <a href=\"\/cms\/u11-a\/\">U11<\/a> | <a href=\"\/cms\/u10\/\">U10 A<\/a> | <a href=\"\/cms\/u10-b\/\" data-type=\"page\" data-id=\"755\">U10 B<\/a> | <a href=\"\/cms\/u9-a\/\" data-type=\"page\" data-id=\"755\">U9<\/a> | <a href=\"\/cms\/u8-a\/\">U8<\/a> | <a href=\"\/cms\/u7-a\/\">U7<\/a> | <a href=\"\/cms\/u6\/\">U6<\/a><\/p>\n<\/div>\n\n\n\n<div class=\"wp-block-query is-layout-flow wp-block-query-is-layout-flow\"><ul class=\"wp-block-post-template is-layout-flow wp-block-post-template-is-layout-flow\"><li class=\"wp-block-post post-274 post type-post status-publish format-standard hentry category-communication tag-jeunes\">\n<h2 class=\"wp-block-post-title\">Importantes communications jeunes \/\/ 30.09.2022<\/h2>\n\n<div style=\"color:#3d904c;\" class=\"wp-block-post-date has-text-color has-large-font-size\"><time datetime=\"2022-09-30T12:00:00+02:00\">30 septembre 2022<\/time><\/div>\n\n<div class=\"entry-content wp-block-post-content is-layout-flow wp-block-post-content-is-layout-flow\">\n<p>Nous sommes le 30 septembre et il nous semble opportun de vous faire part de diff\u00e9rents informartions en toute transparence:<\/p>\n\n\n\n<ul class=\"wp-block-list\">\n<li>Tout d&rsquo;abord, comme vous le savez, la date limite du versement des cotisations est le 30 septembre. Merci donc \u00e0 tous de se mettre en ordre le plus vite possible pour ceux qui ne le sont toujours pas.<\/li>\n\n\n\n<li>Un point \u00e9pineux est la distribution des packs des joueurs. Nous sommes bien conscients que cela ne s&rsquo;est pas pass\u00e9 comme pr\u00e9vu et nous devons \u00e0 ce niveau faire notre m\u00e9a culpa. Nous avions voulu changer notre fa\u00e7on de faire \u00e0 ce niveau avec des essayages en fin de saison pass\u00e9e etc\u2026 mais force est de constater que le r\u00e9sultat est un \u00e9chec suite \u00e0 diff\u00e9rents facteurs (des joueurs ne sont pas venus essayer, d&rsquo;autres sont venus puis ont quitt\u00e9 le club, un post-covid toujours bien pr\u00e9sent au niveau de l&rsquo;\u00e9quipementier pour les d\u00e9lais de livraison des commandes, une mauvaise gestion de notre part etc etc.). Bref, nous comprenons tout \u00e0 fait votre d\u00e9ception sur ce sujet, et tout cela met aussi \u00e0 mal tout le travail fantastique r\u00e9alis\u00e9 par le directeur sportif Pascal COLLIN et les deux coordinateurs (Thierry TONDEUR et Santo VENTURA) puisque cette partie \u00ab\u00a0extra-sportive\u00a0\u00bb \u00e9tait une part importante dans le projet sportif \u00e9nonc\u00e9. N\u00e9anmoins, nous avons re\u00e7u d\u00e9j\u00e0 un nombre important de packs et nous devons donc les distribuer aux joueurs en ordre de cotisation. Nous allons commencer par les cat\u00e9gories U6 \u00e0 U9 le mercredi 5 octobre \u00e0 18h (apr\u00e8s l&rsquo;entrainement) dans la caf\u00e9t\u00e9ria. Pour les autres cat\u00e9gories, U10 \u00e0 U19, une date vous sera communiqu\u00e9e au plus vite apr\u00e8s une \u00e9valuation de la premi\u00e8re partie avec les U6 \u00e0 U9. Malheureusement, nous allons vraiment vous demander une grande indulgence sur cette partie car des pi\u00e8ces devront sans doute \u00eatre recommand\u00e9es et donc c&rsquo;est vraiment important de venir aux rendez-vous donn\u00e9s afin que un point complet puisse \u00eatre faits et les eventuelles nouvelles commandes effectu\u00e9es.<\/li>\n\n\n\n<li>Une des raisons de la mauvaise gestion \u00e9nonc\u00e9e ci-dessus est le manque de b\u00e9n\u00e9voles dans notre club. En effet, pour diverses raisons, des membres ont d\u00fb quitter notre club ces derniers mois. Nous en profitons donc ici pour faire un appel \u00e0 toutes les personnes qui seraient pr\u00eates \u00e0 s&rsquo;engager dans le club. La gestion d&rsquo;un club est un travail immense et chaque aide est la bienvenue. Cela peut \u00eatre \u00e9pisodiquement lors des manifestations ou de mani\u00e8re plus r\u00e9guli\u00e8re dans un comit\u00e9 de jeunes par exemple. Si vous vous semblez concern\u00e9 par cet appel, que vous voulez aider le club, n&rsquo;h\u00e9sitez pas \u00e0 interpeller Muriel ou Philippe dans la caf\u00e9t\u00e9ria.<\/li>\n\n\n\n<li>Le prochain point ne vous \u00e9tonnera pas puisqu&rsquo;il fait la une de l&rsquo;actualit\u00e9 en ce moment. Notre club est, comme chacun d&rsquo;entre vous, impact\u00e9 grandement par la hausse des prix de l&rsquo;\u00e9nergie. Vous vous doutez que dans un club comme le n\u00f4tre, les factures d&rsquo;\u00e9lectricit\u00e9 (\u00e9clairage), de mazout (chauffage des vestiaires) et d&rsquo;eau sont importantes. D\u00e8s lors, nous sommes continuellement \u00e0 la recherche de sponsors, et sous toutes les formes. Par exemple un panneau autour du terrain ou dans la caf\u00e9t\u00e9ria. Mais aussi sous d&rsquo;autres formes. L\u00e0 aussi, n&rsquo;h\u00e9sitez pas \u00e0 interpeller Muriel ou Philippe dans la caf\u00e9t\u00e9ria qui vous expliqueront toutes les possibillit\u00e9s. A ce sujet, les nouvelles vareuses Jeunes arriveront dans le courant du mois d&rsquo;octobre et nous aimerions trouver un sponsor maillot pour chaque \u00e9quipe. Donc l\u00e0 aussi, si vous \u00eates ind\u00e9pendant ou que vous connaissez un ou une entreprise qui pourraient mettre sa publicit\u00e9 sur les maillot, n&rsquo;h\u00e9sitez pas. Car un maillot sans flocage, ce n&rsquo;est pas super beau!<\/li>\n\n\n\n<li>Enfin, comme vous l&rsquo;avez sans doute remarqu\u00e9, des anciens articles du club (veste de training, t-shirt etc) sont mis en vente pr\u00e8s de Rose \u00e0 la vente des tickets dans la caf\u00e9t\u00e9ria. Vous trouverez \u00e0 prix minis diff\u00e9rents articles qui \u00e9taient toujours dans notre stock. TOUT DOIT PARTIR et en cette p\u00e9riode compliqu\u00e9e, il y a vraiment des bonnes affaires \u00e0 r\u00e9aliser. Allez donc y jeter un oeil.<\/li>\n<\/ul>\n\n\n\n<p>Merci \u00e0 tous d&rsquo;avoir pris le temps de lire attentivement cette communication. Merci pour votre confiance et \u00e0 tr\u00e8s bient\u00f4t.<\/p>\n<\/div>\n<\/li><li class=\"wp-block-post post-365 post type-post status-publish format-standard hentry category-communication tag-jeunes\">\n<h2 class=\"wp-block-post-title\">Infos Jeunes 2022-2023<\/h2>\n\n<div style=\"color:#3d904c;\" class=\"wp-block-post-date has-text-color has-large-font-size\"><time datetime=\"2022-05-25T15:21:00+02:00\">25 mai 2022<\/time><\/div>\n\n<div class=\"entry-content wp-block-post-content is-layout-flow wp-block-post-content-is-layout-flow\">\n<figure class=\"wp-block-image size-full is-style-default\"><img loading=\"lazy\" decoding=\"async\" width=\"602\" height=\"851\" src=\"https:\/\/www.qatv.be\/ramm\/cms\/wp-content\/uploads\/2022\/12\/infojeunes20222023.png\" alt=\"\" class=\"wp-image-366\" srcset=\"https:\/\/www.ramm.be\/cms\/wp-content\/uploads\/2022\/12\/infojeunes20222023.png 602w, https:\/\/www.ramm.be\/cms\/wp-content\/uploads\/2022\/12\/infojeunes20222023-212x300.png 212w\" sizes=\"auto, (max-width: 602px) 100vw, 602px\" \/><\/figure>\n\n\n\n<figure class=\"wp-block-image size-full is-style-default\"><img loading=\"lazy\" decoding=\"async\" width=\"602\" height=\"851\" src=\"https:\/\/www.qatv.be\/ramm\/cms\/wp-content\/uploads\/2022\/12\/infojeunes20222023_2.png\" alt=\"\" class=\"wp-image-367\" srcset=\"https:\/\/www.ramm.be\/cms\/wp-content\/uploads\/2022\/12\/infojeunes20222023_2.png 602w, https:\/\/www.ramm.be\/cms\/wp-content\/uploads\/2022\/12\/infojeunes20222023_2-212x300.png 212w\" sizes=\"auto, (max-width: 602px) 100vw, 602px\" \/><\/figure>\n<\/div>\n<\/li><li class=\"wp-block-post post-371 post type-post status-publish format-standard hentry category-communication tag-jeunes\">\n<h2 class=\"wp-block-post-title\">Staff sportif Jeunes 2022-2023 &#8211; Rendez-vous le 25 mars \u00e0 19h30<\/h2>\n\n<div style=\"color:#3d904c;\" class=\"wp-block-post-date has-text-color has-large-font-size\"><time datetime=\"2022-03-04T15:27:11+01:00\">4 mars 2022<\/time><\/div>\n\n<div class=\"entry-content wp-block-post-content is-layout-flow wp-block-post-content-is-layout-flow\">\n<p>Comme d\u00e9ja annonc\u00e9 auparavant, <strong>Pascal COLLIN<\/strong> sera directeur sportif lors de la saison 2022-2023. A pr\u00e9sent la R.A.M.M. est heureuse d&rsquo;annoncer les 2 coordinateurs qui seront en place la saison prochaine.<\/p>\n\n\n\n<p><strong>Santo VENTURA<\/strong> continuera sa mission comme coordinateur du jeu \u00e0 5 et \u00e0 8 (U6 \u00e0 U13) tandis que <strong>Thierry TONDEUR<\/strong> sera coordinateur du jeu \u00e0 11 (U14 \u00e0 U19).<\/p>\n\n\n\n<p>Nous souhaitons la bienvenue et plein \u00e9panouissement \u00e0 Thierry dans ce nouveau r\u00f4le qu&rsquo;il va d&rsquo;ores et d\u00e9j\u00e0 occup\u00e9 en cette fin de saison afin d&rsquo;au mieux pr\u00e9parer la saison prochaine.&nbsp;<\/p>\n\n\n\n<p>La saison prochaine marquera donc un changement important dans le club, au niveau de l&rsquo;organisation et de la structure mise en place.<\/p>\n\n\n\n<p><strong>A ce propos, une r\u00e9union d&rsquo;information aura lieu dans la caf\u00e9t\u00e9ria le vendredi 25 mars \u00e0 19h30. Vous pourrez \u00e0 cette occasion d\u00e9couvrir les d\u00e9tails concernant cette nouvelle philisophie au niveau des Jeunes.&nbsp;<\/strong><\/p>\n\n\n\n<p>Nous comptons sur votre pr\u00e9sence \u00e0 cette r\u00e9union importante qui concerne l&rsquo;avenir de vos enfants et l&rsquo;\u00e9panouissement de ceux-ci dans le club. Veuillez noter que la friterie sera ouverte \u00e0 cette occasion pour ceux qui n&rsquo;auront pas eu le temps de se restaurer avant la r\u00e9union.<\/p>\n<\/div>\n<\/li><\/ul>\n\n\n\n<\/div>\n","protected":false},"excerpt":{"rendered":"<p>U19 | U14 | U12 A | U12 B | U12 C | U11 | U10 A | U10 B | U9 | U8 | U7 | U6<\/p>\n","protected":false},"author":1,"featured_media":0,"parent":0,"menu_order":0,"comment_status":"closed","ping_status":"closed","template":"","meta":{"footnotes":""},"class_list":["post-54","page","type-page","status-publish","hentry"],"_links":{"self":[{"href":"https:\/\/www.ramm.be\/cms\/wp-json\/wp\/v2\/pages\/54","targetHints":{"allow":["GET"]}}],"collection":[{"href":"https:\/\/www.ramm.be\/cms\/wp-json\/wp\/v2\/pages"}],"about":[{"href":"https:\/\/www.ramm.be\/cms\/wp-json\/wp\/v2\/types\/page"}],"author":[{"embeddable":true,"href":"https:\/\/www.ramm.be\/cms\/wp-json\/wp\/v2\/users\/1"}],"replies":[{"embeddable":true,"href":"https:\/\/www.ramm.be\/cms\/wp-json\/wp\/v2\/comments?post=54"}],"version-history":[{"count":37,"href":"https:\/\/www.ramm.be\/cms\/wp-json\/wp\/v2\/pages\/54\/revisions"}],"predecessor-version":[{"id":1533,"href":"https:\/\/www.ramm.be\/cms\/wp-json\/wp\/v2\/pages\/54\/revisions\/1533"}],"wp:attachment":[{"href":"https:\/\/www.ramm.be\/cms\/wp-json\/wp\/v2\/media?parent=54"}],"curies":[{"name":"wp","href":"https:\/\/api.w.org\/{rel}","templated":true}]}}